{"id":12,"date":"2020-05-12T14:01:53","date_gmt":"2020-05-12T12:01:53","guid":{"rendered":"http:\/\/dev.nordicbridal.com\/?page_id=12"},"modified":"2025-03-14T11:41:41","modified_gmt":"2025-03-14T10:41:41","slug":"nya-umoma-valkomnar-allmanheten-2","status":"publish","type":"page","link":"https:\/\/www.nordicbridal.com\/fi\/","title":{"rendered":"Nordic Bridal"},"content":{"rendered":"<div class=\"g g-5\"><div class=\"g-dyn a-12 c-1\"><a class=\"gofollow\" data-track=\"MTIsNSw2MA==\" href=\"https:\/\/monicaloretti.com\"><img decoding=\"async\" src=\"https:\/\/www.nordicbridal.com\/wp-content\/uploads\/2026\/02\/Monica-Loretti_NB_1800x360.png\" \/><\/a><\/div><div class=\"g-dyn a-27 c-2\"><a class=\"gofollow\" data-track=\"MjcsNSw2MA==\" href=\"https:\/\/www.hilarymorgan.com\/\"><img decoding=\"async\" src=\"https:\/\/www.nordicbridal.com\/wp-content\/uploads\/2026\/03\/banner_HM_2026.jpg\" \/><\/a><\/div><div class=\"g-dyn a-4 c-3\"><a class=\"gofollow\" data-track=\"NCw1LDYw\" href=\"https:\/\/www.justinalexander.com\"><img decoding=\"async\" src=\"https:\/\/www.nordicbridal.com\/wp-content\/uploads\/2026\/03\/justin-alexander-banner.png\" \/><\/a><\/div><div class=\"g-dyn a-26 c-4\"><a class=\"gofollow\" data-track=\"MjYsNSw2MA==\" href=\"https:\/\/azureebridal.com\/\"><img decoding=\"async\" src=\"https:\/\/www.nordicbridal.com\/wp-content\/uploads\/2026\/03\/banner_azuree-2027-kollektion.jpg\" \/><\/a><\/div><div class=\"g-dyn a-11 c-5\"><a class=\"gofollow\" data-track=\"MTEsNSw2MA==\" href=\"https:\/\/www.treschicbridalwear.com\/\"><img decoding=\"async\" src=\"https:\/\/www.nordicbridal.com\/wp-content\/uploads\/2026\/02\/TCBanner_February2026-scaled.jpg\" \/><\/a><\/div><div class=\"g-dyn a-24 c-6\"><a class=\"gofollow\" data-track=\"MjQsNSw2MA==\" href=\"https:\/\/www.demetrios.com\/en\/become-a-retailer \"><img decoding=\"async\" src=\"https:\/\/www.nordicbridal.com\/wp-content\/uploads\/2026\/04\/Demetrios-Banner_corrected.jpg\" \/><\/a><\/div><div class=\"g-dyn a-25 c-7\"><a class=\"gofollow\" data-track=\"MjUsNSw2MA==\" href=\"https:\/\/dianelegrandbridal.com\/\"><img decoding=\"async\" src=\"https:\/\/www.nordicbridal.com\/wp-content\/uploads\/2026\/03\/Unknown.gif\" \/><\/a><\/div><div class=\"g-dyn a-29 c-8\"><a class=\"gofollow\" data-track=\"MjksNSw2MA==\" href=\"https:\/\/milanbride.dk\/\"><img decoding=\"async\" src=\"https:\/\/www.nordicbridal.com\/wp-content\/uploads\/2026\/03\/banner_milan-3.jpg\" \/><\/a><\/div><div class=\"g-dyn a-18 c-9\"><a class=\"gofollow\" data-track=\"MTgsNSw2MA==\" href=\"https:\/\/globalbridalhouse.com\/nl\/\"><img decoding=\"async\" src=\"https:\/\/www.nordicbridal.com\/wp-content\/uploads\/2026\/03\/B2B-Banner-GBH-0326.jpg\" \/><\/a><\/div><\/div>\n\n\n\n<p><\/p>\n\n\n\n<h2 class=\"has-text-align-center wp-block-heading\">Uutiset<\/h2>\n\n\n<ul class=\"wp-block-latest-posts__list is-grid columns-3 has-dates wp-block-latest-posts\"><li><div class=\"wp-block-latest-posts__featured-image aligncenter\"><img loading=\"lazy\" decoding=\"async\" width=\"990\" height=\"645\" src=\"https:\/\/www.nordicbridal.com\/wp-content\/uploads\/2026\/04\/weB_1567_2-teaser-1024x667.jpg\" class=\"attachment-large size-large wp-post-image\" alt=\"Style 1567 - Demetrios Collection\" style=\"\" srcset=\"https:\/\/www.nordicbridal.com\/wp-content\/uploads\/2026\/04\/weB_1567_2-teaser-1024x667.jpg 1024w, https:\/\/www.nordicbridal.com\/wp-content\/uploads\/2026\/04\/weB_1567_2-teaser-300x195.jpg 300w, https:\/\/www.nordicbridal.com\/wp-content\/uploads\/2026\/04\/weB_1567_2-teaser-768x500.jpg 768w, https:\/\/www.nordicbridal.com\/wp-content\/uploads\/2026\/04\/weB_1567_2-teaser-1536x1000.jpg 1536w, https:\/\/www.nordicbridal.com\/wp-content\/uploads\/2026\/04\/weB_1567_2-teaser.jpg 1920w\" sizes=\"auto, (max-width: 990px) 100vw, 990px\" \/><\/div><a class=\"wp-block-latest-posts__post-title\" href=\"https:\/\/www.nordicbridal.com\/fi\/demetrios-unveils-2027-collections\/\">Demetrios esittelee vuoden 2027 mallisto<\/a><time datetime=\"\" class=\"wp-block-latest-posts__post-date\"><\/time><div class=\"wp-block-latest-posts__post-excerpt\">Jatkuva kunnianosoitus 45 vuodelle huippuluokan h\u00e4\u00e4muotia &hellip; <a href=\"https:\/\/www.nordicbridal.com\/fi\/demetrios-unveils-2027-collections\/\" class=\"more-link\"><span class=\"more-button\">L\u00e4s Mer<span class=\"screen-reader-text\">Demetrios esittelee vuoden 2027 mallisto<\/span><\/span><\/a><\/div><\/li>\n<li><div class=\"wp-block-latest-posts__featured-image aligncenter\"><img loading=\"lazy\" decoding=\"async\" width=\"990\" height=\"645\" src=\"https:\/\/www.nordicbridal.com\/wp-content\/uploads\/2024\/03\/web_229A7479-1024x667.jpg\" class=\"attachment-large size-large wp-post-image\" alt=\"Milan 2027\" style=\"\" srcset=\"https:\/\/www.nordicbridal.com\/wp-content\/uploads\/2024\/03\/web_229A7479-1024x667.jpg 1024w, https:\/\/www.nordicbridal.com\/wp-content\/uploads\/2024\/03\/web_229A7479-300x195.jpg 300w, https:\/\/www.nordicbridal.com\/wp-content\/uploads\/2024\/03\/web_229A7479-768x500.jpg 768w, https:\/\/www.nordicbridal.com\/wp-content\/uploads\/2024\/03\/web_229A7479-1536x1000.jpg 1536w, https:\/\/www.nordicbridal.com\/wp-content\/uploads\/2024\/03\/web_229A7479.jpg 1920w\" sizes=\"auto, (max-width: 990px) 100vw, 990px\" \/><\/div><a class=\"wp-block-latest-posts__post-title\" href=\"https:\/\/www.nordicbridal.com\/fi\/milan-2027-en-ny-aera-inden-for-moderne-brudedesign\/\">Milan 2027 \u2013 Uusi aikakausi modernissa h\u00e4\u00e4pukusuunnittelussa<\/a><time datetime=\"\" class=\"wp-block-latest-posts__post-date\"><\/time><div class=\"wp-block-latest-posts__post-excerpt\">Mallistot esitell\u00e4\u00e4n ensimm\u00e4ist\u00e4 kertaa kansainv\u00e4lisill\u00e4 messuilla Esseniss\u00e4 ja Barcelonassa &hellip; <a href=\"https:\/\/www.nordicbridal.com\/fi\/milan-2027-en-ny-aera-inden-for-moderne-brudedesign\/\" class=\"more-link\"><span class=\"more-button\">L\u00e4s Mer<span class=\"screen-reader-text\">Milan 2027 \u2013 Uusi aikakausi modernissa h\u00e4\u00e4pukusuunnittelussa<\/span><\/span><\/a><\/div><\/li>\n<li><div class=\"wp-block-latest-posts__featured-image aligncenter\"><img loading=\"lazy\" decoding=\"async\" width=\"990\" height=\"645\" src=\"https:\/\/www.nordicbridal.com\/wp-content\/uploads\/2026\/03\/teaser_Faye-Azuree-Bridal-Close-1024x667.jpg\" class=\"attachment-large size-large wp-post-image\" alt=\"Faye - Azuree Bridal 2027 collection\" style=\"\" srcset=\"https:\/\/www.nordicbridal.com\/wp-content\/uploads\/2026\/03\/teaser_Faye-Azuree-Bridal-Close-1024x667.jpg 1024w, https:\/\/www.nordicbridal.com\/wp-content\/uploads\/2026\/03\/teaser_Faye-Azuree-Bridal-Close-300x195.jpg 300w, https:\/\/www.nordicbridal.com\/wp-content\/uploads\/2026\/03\/teaser_Faye-Azuree-Bridal-Close-768x500.jpg 768w, https:\/\/www.nordicbridal.com\/wp-content\/uploads\/2026\/03\/teaser_Faye-Azuree-Bridal-Close-1536x1000.jpg 1536w, https:\/\/www.nordicbridal.com\/wp-content\/uploads\/2026\/03\/teaser_Faye-Azuree-Bridal-Close.jpg 1920w\" sizes=\"auto, (max-width: 990px) 100vw, 990px\" \/><\/div><a class=\"wp-block-latest-posts__post-title\" href=\"https:\/\/www.nordicbridal.com\/fi\/one-year-of-azuree-bridal\/\">Yksi vuosi Azuree Bridalin kanssa<\/a><time datetime=\"\" class=\"wp-block-latest-posts__post-date\"><\/time><div class=\"wp-block-latest-posts__post-excerpt\">Olaf Van den Brink kasvusta, perheest\u00e4 ja modernin h\u00e4\u00e4muotibr\u00e4ndin rakentamisesta syd\u00e4mell\u00e4 &hellip; <a href=\"https:\/\/www.nordicbridal.com\/fi\/one-year-of-azuree-bridal\/\" class=\"more-link\"><span class=\"more-button\">L\u00e4s Mer<span class=\"screen-reader-text\">Yksi vuosi Azuree Bridalin kanssa<\/span><\/span><\/a><\/div><\/li>\n<li><div class=\"wp-block-latest-posts__featured-image aligncenter\"><img loading=\"lazy\" decoding=\"async\" width=\"990\" height=\"645\" src=\"https:\/\/www.nordicbridal.com\/wp-content\/uploads\/2026\/03\/Modeca-Magical-collection_landscape-image-1024x667.jpg\" class=\"attachment-large size-large wp-post-image\" alt=\"Modeca - Magical collection_landscape image\" style=\"\" srcset=\"https:\/\/www.nordicbridal.com\/wp-content\/uploads\/2026\/03\/Modeca-Magical-collection_landscape-image-1024x667.jpg 1024w, https:\/\/www.nordicbridal.com\/wp-content\/uploads\/2026\/03\/Modeca-Magical-collection_landscape-image-300x195.jpg 300w, https:\/\/www.nordicbridal.com\/wp-content\/uploads\/2026\/03\/Modeca-Magical-collection_landscape-image-768x500.jpg 768w, https:\/\/www.nordicbridal.com\/wp-content\/uploads\/2026\/03\/Modeca-Magical-collection_landscape-image-1536x1000.jpg 1536w, https:\/\/www.nordicbridal.com\/wp-content\/uploads\/2026\/03\/Modeca-Magical-collection_landscape-image.jpg 1920w\" sizes=\"auto, (max-width: 990px) 100vw, 990px\" \/><\/div><a class=\"wp-block-latest-posts__post-title\" href=\"https:\/\/www.nordicbridal.com\/fi\/global-bridal-house-unveils-2027-collections\/\">Global Bridal House lanseeraa vuoden 2027 mallistot:<\/a><time datetime=\"\" class=\"wp-block-latest-posts__post-date\"><\/time><div class=\"wp-block-latest-posts__post-excerpt\">Ajatonta eleganssia, modernia romantiikkaa ja unohtumatonta tyyli\u00e4 &hellip; <a href=\"https:\/\/www.nordicbridal.com\/fi\/global-bridal-house-unveils-2027-collections\/\" class=\"more-link\"><span class=\"more-button\">L\u00e4s Mer<span class=\"screen-reader-text\">Global Bridal House lanseeraa vuoden 2027 mallistot:<\/span><\/span><\/a><\/div><\/li>\n<li><div class=\"wp-block-latest-posts__featured-image aligncenter\"><img loading=\"lazy\" decoding=\"async\" width=\"990\" height=\"645\" src=\"https:\/\/www.nordicbridal.com\/wp-content\/uploads\/2026\/03\/EBW-2025-Fashion-Show-07-1024x667.jpg\" class=\"attachment-large size-large wp-post-image\" alt=\"\" style=\"\" srcset=\"https:\/\/www.nordicbridal.com\/wp-content\/uploads\/2026\/03\/EBW-2025-Fashion-Show-07-1024x667.jpg 1024w, https:\/\/www.nordicbridal.com\/wp-content\/uploads\/2026\/03\/EBW-2025-Fashion-Show-07-300x195.jpg 300w, https:\/\/www.nordicbridal.com\/wp-content\/uploads\/2026\/03\/EBW-2025-Fashion-Show-07-768x500.jpg 768w, https:\/\/www.nordicbridal.com\/wp-content\/uploads\/2026\/03\/EBW-2025-Fashion-Show-07-1536x1000.jpg 1536w, https:\/\/www.nordicbridal.com\/wp-content\/uploads\/2026\/03\/EBW-2025-Fashion-Show-07.jpg 1920w\" sizes=\"auto, (max-width: 990px) 100vw, 990px\" \/><\/div><a class=\"wp-block-latest-posts__post-title\" href=\"https:\/\/www.nordicbridal.com\/fi\/european-bridal-week-2026-introduces-a-new-catwalk-experience\/\">European Bridal Week 2026 tuo uuden catwalk-el\u00e4myksen<\/a><time datetime=\"\" class=\"wp-block-latest-posts__post-date\"><\/time><div class=\"wp-block-latest-posts__post-excerpt\">European Bridal Week 2026 nostaa h\u00e4\u00e4muodin uudelle tasolle \u2013 sek\u00e4 mallistojen ett\u00e4 esitystavan osalta.  &hellip; <a href=\"https:\/\/www.nordicbridal.com\/fi\/european-bridal-week-2026-introduces-a-new-catwalk-experience\/\" class=\"more-link\"><span class=\"more-button\">L\u00e4s Mer<span class=\"screen-reader-text\">European Bridal Week 2026 tuo uuden catwalk-el\u00e4myksen<\/span><\/span><\/a><\/div><\/li>\n<li><div class=\"wp-block-latest-posts__featured-image aligncenter\"><img loading=\"lazy\" decoding=\"async\" width=\"990\" height=\"645\" src=\"https:\/\/www.nordicbridal.com\/wp-content\/uploads\/2026\/03\/teaser_JAG-1024x667.jpg\" class=\"attachment-large size-large wp-post-image\" alt=\"Justin Alexander group\" style=\"\" srcset=\"https:\/\/www.nordicbridal.com\/wp-content\/uploads\/2026\/03\/teaser_JAG-1024x667.jpg 1024w, https:\/\/www.nordicbridal.com\/wp-content\/uploads\/2026\/03\/teaser_JAG-300x195.jpg 300w, https:\/\/www.nordicbridal.com\/wp-content\/uploads\/2026\/03\/teaser_JAG-768x500.jpg 768w, https:\/\/www.nordicbridal.com\/wp-content\/uploads\/2026\/03\/teaser_JAG-1536x1000.jpg 1536w, https:\/\/www.nordicbridal.com\/wp-content\/uploads\/2026\/03\/teaser_JAG.jpg 1920w\" sizes=\"auto, (max-width: 990px) 100vw, 990px\" \/><\/div><a class=\"wp-block-latest-posts__post-title\" href=\"https:\/\/www.nordicbridal.com\/fi\/fall-winter-2026-bridal-trends-from-justin-alexander-group\/\">Morsiusmuodin trendit syksy\/talvi 2026 \u2013 Justin Alexander Group<\/a><time datetime=\"\" class=\"wp-block-latest-posts__post-date\"><\/time><div class=\"wp-block-latest-posts__post-excerpt\">Justin Alexander Group on julkaissut syksy\/talvi 2026 -mallistonsa ja esittelee uuden n\u00e4k\u00f6kulman morsiusmuotiin tulevaa sesonkia varten. &hellip; <a href=\"https:\/\/www.nordicbridal.com\/fi\/fall-winter-2026-bridal-trends-from-justin-alexander-group\/\" class=\"more-link\"><span class=\"more-button\">L\u00e4s Mer<span class=\"screen-reader-text\">Morsiusmuodin trendit syksy\/talvi 2026 \u2013 Justin Alexander Group<\/span><\/span><\/a><\/div><\/li>\n<\/ul>\n\n\n<figure class=\"wp-block-image alignfull size-full\"><img loading=\"lazy\" decoding=\"async\" width=\"2182\" height=\"600\" src=\"http:\/\/dev.nordicbridal.com\/wp-content\/uploads\/2020\/05\/nordicbridal_banner.jpg\" alt=\"\" class=\"wp-image-107\" srcset=\"https:\/\/www.nordicbridal.com\/wp-content\/uploads\/2020\/05\/nordicbridal_banner.jpg 2182w, https:\/\/www.nordicbridal.com\/wp-content\/uploads\/2020\/05\/nordicbridal_banner-300x82.jpg 300w, https:\/\/www.nordicbridal.com\/wp-content\/uploads\/2020\/05\/nordicbridal_banner-1024x282.jpg 1024w, https:\/\/www.nordicbridal.com\/wp-content\/uploads\/2020\/05\/nordicbridal_banner-768x211.jpg 768w, https:\/\/www.nordicbridal.com\/wp-content\/uploads\/2020\/05\/nordicbridal_banner-1536x422.jpg 1536w, https:\/\/www.nordicbridal.com\/wp-content\/uploads\/2020\/05\/nordicbridal_banner-2048x563.jpg 2048w\" sizes=\"auto, (max-width: 2182px) 100vw, 2182px\" \/><\/figure>\n","protected":false},"excerpt":{"rendered":"<p>Uutiset<\/p>\n","protected":false},"author":2,"featured_media":736,"parent":0,"menu_order":0,"comment_status":"closed","ping_status":"closed","template":"","meta":{"footnotes":""},"class_list":["post-12","page","type-page","status-publish","has-post-thumbnail","hentry"],"translation":{"provider":"WPGlobus","version":"3.0.2","language":"fi","enabled_languages":["en","sv","no","da","fi"],"languages":{"en":{"title":true,"content":true,"excerpt":false},"sv":{"title":true,"content":true,"excerpt":false},"no":{"title":true,"content":true,"excerpt":false},"da":{"title":true,"content":true,"excerpt":false},"fi":{"title":true,"content":true,"excerpt":false}}},"_links":{"self":[{"href":"https:\/\/www.nordicbridal.com\/fi\/wp-json\/wp\/v2\/pages\/12","targetHints":{"allow":["GET"]}}],"collection":[{"href":"https:\/\/www.nordicbridal.com\/fi\/wp-json\/wp\/v2\/pages"}],"about":[{"href":"https:\/\/www.nordicbridal.com\/fi\/wp-json\/wp\/v2\/types\/page"}],"author":[{"embeddable":true,"href":"https:\/\/www.nordicbridal.com\/fi\/wp-json\/wp\/v2\/users\/2"}],"replies":[{"embeddable":true,"href":"https:\/\/www.nordicbridal.com\/fi\/wp-json\/wp\/v2\/comments?post=12"}],"version-history":[{"count":73,"href":"https:\/\/www.nordicbridal.com\/fi\/wp-json\/wp\/v2\/pages\/12\/revisions"}],"predecessor-version":[{"id":4127,"href":"https:\/\/www.nordicbridal.com\/fi\/wp-json\/wp\/v2\/pages\/12\/revisions\/4127"}],"wp:featuredmedia":[{"embeddable":true,"href":"https:\/\/www.nordicbridal.com\/fi\/wp-json\/wp\/v2\/media\/736"}],"wp:attachment":[{"href":"https:\/\/www.nordicbridal.com\/fi\/wp-json\/wp\/v2\/media?parent=12"}],"curies":[{"name":"wp","href":"https:\/\/api.w.org\/{rel}","templated":true}]}}